{"version":"1.0","provider_name":"Ensemble Orchestral Contemporain","provider_url":"https:\/\/old-eoc.dev-app.net\/en\/","title":"Report\u00e9 \/\/ Printemps des po\u00e8tes - Ensemble Orchestral Contemporain","type":"rich","width":600,"height":338,"html":"<blockquote class=\"wp-embedded-content\" data-secret=\"LJRrqSWZ8t\"><a href=\"https:\/\/old-eoc.dev-app.net\/en\/agenda\/evenement\/printemps-des-poetes\/\">Report\u00e9 \/\/ Printemps des po\u00e8tes<\/a><\/blockquote><iframe sandbox=\"allow-scripts\" security=\"restricted\" src=\"https:\/\/old-eoc.dev-app.net\/en\/agenda\/evenement\/printemps-des-poetes\/embed\/#?secret=LJRrqSWZ8t\" width=\"600\" height=\"338\" title=\"&#8220;Report\u00e9 \/\/ Printemps des po\u00e8tes&#8221; &#8212; Ensemble Orchestral Contemporain\" data-secret=\"LJRrqSWZ8t\" frameborder=\"0\" marginwidth=\"0\" marginheight=\"0\" scrolling=\"no\" class=\"wp-embedded-content\"><\/iframe><script type=\"text\/javascript\">\n\/* <![CDATA[ *\/\n\/*! This file is auto-generated *\/\n!function(d,l){\"use strict\";l.querySelector&&d.addEventListener&&\"undefined\"!=typeof URL&&(d.wp=d.wp||{},d.wp.receiveEmbedMessage||(d.wp.receiveEmbedMessage=function(e){var t=e.data;if((t||t.secret||t.message||t.value)&&!\/[^a-zA-Z0-9]\/.test(t.secret)){for(var s,r,n,a=l.querySelectorAll('iframe[data-secret=\"'+t.secret+'\"]'),o=l.querySelectorAll('blockquote[data-secret=\"'+t.secret+'\"]'),c=new RegExp(\"^https?:$\",\"i\"),i=0;i<o.length;i++)o[i].style.display=\"none\";for(i=0;i<a.length;i++)s=a[i],e.source===s.contentWindow&&(s.removeAttribute(\"style\"),\"height\"===t.message?(1e3<(r=parseInt(t.value,10))?r=1e3:~~r<200&&(r=200),s.height=r):\"link\"===t.message&&(r=new URL(s.getAttribute(\"src\")),n=new URL(t.value),c.test(n.protocol))&&n.host===r.host&&l.activeElement===s&&(d.top.location.href=t.value))}},d.addEventListener(\"message\",d.wp.receiveEmbedMessage,!1),l.addEventListener(\"DOMContentLoaded\",function(){for(var e,t,s=l.querySelectorAll(\"iframe.wp-embedded-content\"),r=0;r<s.length;r++)(t=(e=s[r]).getAttribute(\"data-secret\"))||(t=Math.random().toString(36).substring(2,12),e.src+=\"#?secret=\"+t,e.setAttribute(\"data-secret\",t)),e.contentWindow.postMessage({message:\"ready\",secret:t},\"*\")},!1)))}(window,document);\n\/* ]]> *\/\n<\/script>\n","thumbnail_url":"https:\/\/old-eoc.dev-app.net\/wp-content\/uploads\/2020\/07\/16-Conservatoire-Puy-En-Velay-Credit-Renaud-De-La-Noue.jpg","thumbnail_width":1920,"thumbnail_height":1080,"description":"L\u2019EOC, \u00e0 travers son nouveau partenariat avec le Conservatoire du Puy-en-Velay, met en avant la transversalit\u00e9 des arts et participe \u00e0 l\u2019\u00e9dition 2021 du Printemps des Po\u00e8tes. Chaque ann\u00e9e, au mois de mars, le Printemps des Po\u00e8tes refl\u00e8te la vitalit\u00e9 de la po\u00e9sie en France tout en convoquant d\u2019autres arts. L\u2019Ensemble et le CRD de [&hellip;]"}