{"version":"1.0","provider_name":"Ensemble Orchestral Contemporain","provider_url":"https:\/\/old-eoc.dev-app.net\/en\/","title":"Annul\u00e9 \/\/ Printemps de la cr\u00e9ation - Ensemble Orchestral Contemporain","type":"rich","width":600,"height":338,"html":"<blockquote class=\"wp-embedded-content\" data-secret=\"pr48e7DUbo\"><a href=\"https:\/\/old-eoc.dev-app.net\/en\/agenda\/evenement\/printemps-de-la-creation\/\">Annul\u00e9 \/\/ Printemps de la cr\u00e9ation<\/a><\/blockquote><iframe sandbox=\"allow-scripts\" security=\"restricted\" src=\"https:\/\/old-eoc.dev-app.net\/en\/agenda\/evenement\/printemps-de-la-creation\/embed\/#?secret=pr48e7DUbo\" width=\"600\" height=\"338\" title=\"&#8220;Annul\u00e9 \/\/ Printemps de la cr\u00e9ation&#8221; &#8212; Ensemble Orchestral Contemporain\" data-secret=\"pr48e7DUbo\" frameborder=\"0\" marginwidth=\"0\" marginheight=\"0\" scrolling=\"no\" class=\"wp-embedded-content\"><\/iframe><script type=\"text\/javascript\">\n\/* <![CDATA[ *\/\n\/*! This file is auto-generated *\/\n!function(d,l){\"use strict\";l.querySelector&&d.addEventListener&&\"undefined\"!=typeof URL&&(d.wp=d.wp||{},d.wp.receiveEmbedMessage||(d.wp.receiveEmbedMessage=function(e){var t=e.data;if((t||t.secret||t.message||t.value)&&!\/[^a-zA-Z0-9]\/.test(t.secret)){for(var s,r,n,a=l.querySelectorAll('iframe[data-secret=\"'+t.secret+'\"]'),o=l.querySelectorAll('blockquote[data-secret=\"'+t.secret+'\"]'),c=new RegExp(\"^https?:$\",\"i\"),i=0;i<o.length;i++)o[i].style.display=\"none\";for(i=0;i<a.length;i++)s=a[i],e.source===s.contentWindow&&(s.removeAttribute(\"style\"),\"height\"===t.message?(1e3<(r=parseInt(t.value,10))?r=1e3:~~r<200&&(r=200),s.height=r):\"link\"===t.message&&(r=new URL(s.getAttribute(\"src\")),n=new URL(t.value),c.test(n.protocol))&&n.host===r.host&&l.activeElement===s&&(d.top.location.href=t.value))}},d.addEventListener(\"message\",d.wp.receiveEmbedMessage,!1),l.addEventListener(\"DOMContentLoaded\",function(){for(var e,t,s=l.querySelectorAll(\"iframe.wp-embedded-content\"),r=0;r<s.length;r++)(t=(e=s[r]).getAttribute(\"data-secret\"))||(t=Math.random().toString(36).substring(2,12),e.src+=\"#?secret=\"+t,e.setAttribute(\"data-secret\",t)),e.contentWindow.postMessage({message:\"ready\",secret:t},\"*\")},!1)))}(window,document);\n\/* ]]> *\/\n<\/script>\n","thumbnail_url":"https:\/\/old-eoc.dev-app.net\/wp-content\/uploads\/2020\/03\/3-La_Chaise-Dieu-Abbatiale_Saint-Robert_01\u00a9Pymouss-w.jpg","thumbnail_width":1920,"thumbnail_height":1080,"description":"L\u2019Ensemble Orchestral Contemporain s\u2019installe \u00e0\u00a0La Chaise-Dieu pour une\u00a0r\u00e9sidence\u00a0autour de la cr\u00e9ation\u00a0musicale\u00a0contemporaine.\u00a0\u00a0 Cette session\u00a0permet\u00a0aux\u00a0musiciens, dirig\u00e9s par Bruno\u00a0Mantovani, de poursuivre le travail engag\u00e9 en janvier avec la compositrice \u00c9dith Canat de Chizy, en r\u00e9sidence \u00e0 l\u2019EOC jusqu\u2019en 2022,\u00a0avec notamment la cr\u00e9ation de\u00a0Missing\u00a0II, concerto pour violon et ensemble.\u00a0 Ce sera aussi l\u2019occasion de cr\u00e9er une \u0153uvre originale pour [&hellip;]"}