{"version":"1.0","provider_name":"Ensemble Orchestral Contemporain","provider_url":"https:\/\/old-eoc.dev-app.net\/en\/","title":"Po\u00e8mes en libert\u00e9 - Ensemble Orchestral Contemporain","type":"rich","width":600,"height":338,"html":"<blockquote class=\"wp-embedded-content\" data-secret=\"D1i7WEexOv\"><a href=\"https:\/\/old-eoc.dev-app.net\/en\/agenda\/evenement\/poemes-en-liberte\/\">Po\u00e8mes en libert\u00e9<\/a><\/blockquote><iframe sandbox=\"allow-scripts\" security=\"restricted\" src=\"https:\/\/old-eoc.dev-app.net\/en\/agenda\/evenement\/poemes-en-liberte\/embed\/#?secret=D1i7WEexOv\" width=\"600\" height=\"338\" title=\"&#8220;Po\u00e8mes en libert\u00e9&#8221; &#8212; Ensemble Orchestral Contemporain\" data-secret=\"D1i7WEexOv\" frameborder=\"0\" marginwidth=\"0\" marginheight=\"0\" scrolling=\"no\" class=\"wp-embedded-content\"><\/iframe><script type=\"text\/javascript\">\n\/* <![CDATA[ *\/\n\/*! This file is auto-generated *\/\n!function(d,l){\"use strict\";l.querySelector&&d.addEventListener&&\"undefined\"!=typeof URL&&(d.wp=d.wp||{},d.wp.receiveEmbedMessage||(d.wp.receiveEmbedMessage=function(e){var t=e.data;if((t||t.secret||t.message||t.value)&&!\/[^a-zA-Z0-9]\/.test(t.secret)){for(var s,r,n,a=l.querySelectorAll('iframe[data-secret=\"'+t.secret+'\"]'),o=l.querySelectorAll('blockquote[data-secret=\"'+t.secret+'\"]'),c=new RegExp(\"^https?:$\",\"i\"),i=0;i<o.length;i++)o[i].style.display=\"none\";for(i=0;i<a.length;i++)s=a[i],e.source===s.contentWindow&&(s.removeAttribute(\"style\"),\"height\"===t.message?(1e3<(r=parseInt(t.value,10))?r=1e3:~~r<200&&(r=200),s.height=r):\"link\"===t.message&&(r=new URL(s.getAttribute(\"src\")),n=new URL(t.value),c.test(n.protocol))&&n.host===r.host&&l.activeElement===s&&(d.top.location.href=t.value))}},d.addEventListener(\"message\",d.wp.receiveEmbedMessage,!1),l.addEventListener(\"DOMContentLoaded\",function(){for(var e,t,s=l.querySelectorAll(\"iframe.wp-embedded-content\"),r=0;r<s.length;r++)(t=(e=s[r]).getAttribute(\"data-secret\"))||(t=Math.random().toString(36).substring(2,12),e.src+=\"#?secret=\"+t,e.setAttribute(\"data-secret\",t)),e.contentWindow.postMessage({message:\"ready\",secret:t},\"*\")},!1)))}(window,document);\n\/* ]]> *\/\n<\/script>\n","thumbnail_url":"https:\/\/old-eoc.dev-app.net\/wp-content\/uploads\/2023\/09\/rimbaud-ordi-1-scaled.jpg","thumbnail_width":1920,"thumbnail_height":1442,"description":"Les \u00e9l\u00e8ves de 1\u00e8re TEBE, et de 1\u00e8re ERA vous invitent \u00e0 la d\u00e9couverte de leur cr\u00e9ation, une exposition immersive\u00a0: Po\u00e8mes en libert\u00e9, m\u00ealant musique et arts visuels autour des recueils de po\u00e8mes Les cahiers de Douai d\u2019Arthur Rimbaud et Paroles de Jacques Pr\u00e9vert. Avec la complicit\u00e9 de Fran\u00e7ois Sal\u00e8s, hautbo\u00efste de l\u2019Ensemble et de [&hellip;]"}