{"version":"1.0","provider_name":"Ensemble Orchestral Contemporain","provider_url":"https:\/\/old-eoc.dev-app.net\/en\/","title":"Musique et Po\u00e9sie - Ensemble Orchestral Contemporain","type":"rich","width":600,"height":338,"html":"<blockquote class=\"wp-embedded-content\" data-secret=\"zIuACQCskB\"><a href=\"https:\/\/old-eoc.dev-app.net\/en\/agenda\/evenement\/musique-et-poesie-2\/\">Musique et Po\u00e9sie<\/a><\/blockquote><iframe sandbox=\"allow-scripts\" security=\"restricted\" src=\"https:\/\/old-eoc.dev-app.net\/en\/agenda\/evenement\/musique-et-poesie-2\/embed\/#?secret=zIuACQCskB\" width=\"600\" height=\"338\" title=\"&#8220;Musique et Po\u00e9sie&#8221; &#8212; Ensemble Orchestral Contemporain\" data-secret=\"zIuACQCskB\" frameborder=\"0\" marginwidth=\"0\" marginheight=\"0\" scrolling=\"no\" class=\"wp-embedded-content\"><\/iframe><script type=\"text\/javascript\">\n\/* <![CDATA[ *\/\n\/*! This file is auto-generated *\/\n!function(d,l){\"use strict\";l.querySelector&&d.addEventListener&&\"undefined\"!=typeof URL&&(d.wp=d.wp||{},d.wp.receiveEmbedMessage||(d.wp.receiveEmbedMessage=function(e){var t=e.data;if((t||t.secret||t.message||t.value)&&!\/[^a-zA-Z0-9]\/.test(t.secret)){for(var s,r,n,a=l.querySelectorAll('iframe[data-secret=\"'+t.secret+'\"]'),o=l.querySelectorAll('blockquote[data-secret=\"'+t.secret+'\"]'),c=new RegExp(\"^https?:$\",\"i\"),i=0;i<o.length;i++)o[i].style.display=\"none\";for(i=0;i<a.length;i++)s=a[i],e.source===s.contentWindow&&(s.removeAttribute(\"style\"),\"height\"===t.message?(1e3<(r=parseInt(t.value,10))?r=1e3:~~r<200&&(r=200),s.height=r):\"link\"===t.message&&(r=new URL(s.getAttribute(\"src\")),n=new URL(t.value),c.test(n.protocol))&&n.host===r.host&&l.activeElement===s&&(d.top.location.href=t.value))}},d.addEventListener(\"message\",d.wp.receiveEmbedMessage,!1),l.addEventListener(\"DOMContentLoaded\",function(){for(var e,t,s=l.querySelectorAll(\"iframe.wp-embedded-content\"),r=0;r<s.length;r++)(t=(e=s[r]).getAttribute(\"data-secret\"))||(t=Math.random().toString(36).substring(2,12),e.src+=\"#?secret=\"+t,e.setAttribute(\"data-secret\",t)),e.contentWindow.postMessage({message:\"ready\",secret:t},\"*\")},!1)))}(window,document);\n\/* ]]> *\/\n<\/script>\n","thumbnail_url":"https:\/\/old-eoc.dev-app.net\/wp-content\/uploads\/2019\/07\/2w-Pascal-Gallois\u00a9Philippe-Gontier.jpg","thumbnail_width":1920,"thumbnail_height":1080,"description":"Cr\u00e9\u00e9es en 2015 sous l\u2019impulsion de Pascal Gallois, Les Musicales de Quiberon ouvrent les horizons et associent modernit\u00e9 et classicisme. Ce festival propose une nouvelle g\u00e9ographie musicale, de la cr\u00e9ation contemporaine aux absolus du r\u00e9pertoire. L\u2019\u00e9dition 2019 a pour th\u00e8me Aujourd\u2019hui\u2026 MOZART, HAYDN. Pour ce concert d\u2019ouverture, Pascal Gallois dirige l\u2019EOC autour d\u2019un programme o\u00f9 [&hellip;]"}