{"version":"1.0","provider_name":"Ensemble Orchestral Contemporain","provider_url":"https:\/\/old-eoc.dev-app.net\/en\/","title":"Musique et Cin\u00e9ma - Ensemble Orchestral Contemporain","type":"rich","width":600,"height":338,"html":"<blockquote class=\"wp-embedded-content\" data-secret=\"xe9nlSS9w3\"><a href=\"https:\/\/old-eoc.dev-app.net\/en\/agenda\/evenement\/musique-et-cinema\/\">Musique et Cin\u00e9ma<\/a><\/blockquote><iframe sandbox=\"allow-scripts\" security=\"restricted\" src=\"https:\/\/old-eoc.dev-app.net\/en\/agenda\/evenement\/musique-et-cinema\/embed\/#?secret=xe9nlSS9w3\" width=\"600\" height=\"338\" title=\"&#8220;Musique et Cin\u00e9ma&#8221; &#8212; Ensemble Orchestral Contemporain\" data-secret=\"xe9nlSS9w3\" frameborder=\"0\" marginwidth=\"0\" marginheight=\"0\" scrolling=\"no\" class=\"wp-embedded-content\"><\/iframe><script type=\"text\/javascript\">\n\/* <![CDATA[ *\/\n\/*! This file is auto-generated *\/\n!function(d,l){\"use strict\";l.querySelector&&d.addEventListener&&\"undefined\"!=typeof URL&&(d.wp=d.wp||{},d.wp.receiveEmbedMessage||(d.wp.receiveEmbedMessage=function(e){var t=e.data;if((t||t.secret||t.message||t.value)&&!\/[^a-zA-Z0-9]\/.test(t.secret)){for(var s,r,n,a=l.querySelectorAll('iframe[data-secret=\"'+t.secret+'\"]'),o=l.querySelectorAll('blockquote[data-secret=\"'+t.secret+'\"]'),c=new RegExp(\"^https?:$\",\"i\"),i=0;i<o.length;i++)o[i].style.display=\"none\";for(i=0;i<a.length;i++)s=a[i],e.source===s.contentWindow&&(s.removeAttribute(\"style\"),\"height\"===t.message?(1e3<(r=parseInt(t.value,10))?r=1e3:~~r<200&&(r=200),s.height=r):\"link\"===t.message&&(r=new URL(s.getAttribute(\"src\")),n=new URL(t.value),c.test(n.protocol))&&n.host===r.host&&l.activeElement===s&&(d.top.location.href=t.value))}},d.addEventListener(\"message\",d.wp.receiveEmbedMessage,!1),l.addEventListener(\"DOMContentLoaded\",function(){for(var e,t,s=l.querySelectorAll(\"iframe.wp-embedded-content\"),r=0;r<s.length;r++)(t=(e=s[r]).getAttribute(\"data-secret\"))||(t=Math.random().toString(36).substring(2,12),e.src+=\"#?secret=\"+t,e.setAttribute(\"data-secret\",t)),e.contentWindow.postMessage({message:\"ready\",secret:t},\"*\")},!1)))}(window,document);\n\/* ]]> *\/\n<\/script>\n","thumbnail_url":"https:\/\/old-eoc.dev-app.net\/wp-content\/uploads\/2019\/04\/36398-mort-_-venise-_-collection-christophel-2.jpg","thumbnail_width":745,"thumbnail_height":412,"description":"A l\u2019occasion des \u00e9lections europ\u00e9ennes et pour rendre hommage aux nouveaux compositeurs europ\u00e9ens qui contribuent \u00e0 b\u00e2tir une Europe culturelle, le Forum des Images et Pascal Gallois organisent deux grandes soir\u00e9es les 20 mars et 21 mai. Pour la soir\u00e9e du 21 mai et en regard du film de Luchino Visconti Mort \u00e0 Venise, projet\u00e9 [&hellip;]"}