{"version":"1.0","provider_name":"Ensemble Orchestral Contemporain","provider_url":"https:\/\/old-eoc.dev-app.net\/en\/","title":"Musique et architecture : le voyage insens\u00e9 - Ensemble Orchestral Contemporain","type":"rich","width":600,"height":338,"html":"<blockquote class=\"wp-embedded-content\" data-secret=\"9nZO0bZXFK\"><a href=\"https:\/\/old-eoc.dev-app.net\/en\/agenda\/evenement\/musique-et-architecture-le-voyage-insense\/\">Musique et architecture : le voyage insens\u00e9<\/a><\/blockquote><iframe sandbox=\"allow-scripts\" security=\"restricted\" src=\"https:\/\/old-eoc.dev-app.net\/en\/agenda\/evenement\/musique-et-architecture-le-voyage-insense\/embed\/#?secret=9nZO0bZXFK\" width=\"600\" height=\"338\" title=\"&#8220;Musique et architecture : le voyage insens\u00e9&#8221; &#8212; Ensemble Orchestral Contemporain\" data-secret=\"9nZO0bZXFK\" frameborder=\"0\" marginwidth=\"0\" marginheight=\"0\" scrolling=\"no\" class=\"wp-embedded-content\"><\/iframe><script type=\"text\/javascript\">\n\/* <![CDATA[ *\/\n\/*! This file is auto-generated *\/\n!function(d,l){\"use strict\";l.querySelector&&d.addEventListener&&\"undefined\"!=typeof URL&&(d.wp=d.wp||{},d.wp.receiveEmbedMessage||(d.wp.receiveEmbedMessage=function(e){var t=e.data;if((t||t.secret||t.message||t.value)&&!\/[^a-zA-Z0-9]\/.test(t.secret)){for(var s,r,n,a=l.querySelectorAll('iframe[data-secret=\"'+t.secret+'\"]'),o=l.querySelectorAll('blockquote[data-secret=\"'+t.secret+'\"]'),c=new RegExp(\"^https?:$\",\"i\"),i=0;i<o.length;i++)o[i].style.display=\"none\";for(i=0;i<a.length;i++)s=a[i],e.source===s.contentWindow&&(s.removeAttribute(\"style\"),\"height\"===t.message?(1e3<(r=parseInt(t.value,10))?r=1e3:~~r<200&&(r=200),s.height=r):\"link\"===t.message&&(r=new URL(s.getAttribute(\"src\")),n=new URL(t.value),c.test(n.protocol))&&n.host===r.host&&l.activeElement===s&&(d.top.location.href=t.value))}},d.addEventListener(\"message\",d.wp.receiveEmbedMessage,!1),l.addEventListener(\"DOMContentLoaded\",function(){for(var e,t,s=l.querySelectorAll(\"iframe.wp-embedded-content\"),r=0;r<s.length;r++)(t=(e=s[r]).getAttribute(\"data-secret\"))||(t=Math.random().toString(36).substring(2,12),e.src+=\"#?secret=\"+t,e.setAttribute(\"data-secret\",t)),e.contentWindow.postMessage({message:\"ready\",secret:t},\"*\")},!1)))}(window,document);\n\/* ]]> *\/\n<\/script>\n","thumbnail_url":"https:\/\/old-eoc.dev-app.net\/wp-content\/uploads\/2018\/08\/veauche.jpg","thumbnail_width":470,"thumbnail_height":353,"description":"Comment l&#8217;architecture dialogue-t-elle avec la musique ? Comment les deux domaines jouent-ils avec l&#8217;espace, la lumi\u00e8re et les couleurs ? Les \u00e9l\u00e8ves, accompagn\u00e9s de Claudio Bettinelli, ont travaill\u00e9 sur ces questions en r\u00e9alisant une installation musicale, plastique et lumineuse. Ils se sont inspir\u00e9s pour cela des \u0153uvres architecturales de La Corbusier \u00e0 Firminy, de l&#8217;\u0153uvre [&hellip;]"}