{"version":"1.0","provider_name":"Ensemble Orchestral Contemporain","provider_url":"https:\/\/old-eoc.dev-app.net\/en\/","title":"Annul\u00e9 \/\/ Modernit\u00e9(s) ! - Ensemble Orchestral Contemporain","type":"rich","width":600,"height":338,"html":"<blockquote class=\"wp-embedded-content\" data-secret=\"MpL0skZznY\"><a href=\"https:\/\/old-eoc.dev-app.net\/en\/agenda\/evenement\/modernites\/\">Annul\u00e9 \/\/ Modernit\u00e9(s) !<\/a><\/blockquote><iframe sandbox=\"allow-scripts\" security=\"restricted\" src=\"https:\/\/old-eoc.dev-app.net\/en\/agenda\/evenement\/modernites\/embed\/#?secret=MpL0skZznY\" width=\"600\" height=\"338\" title=\"&#8220;Annul\u00e9 \/\/ Modernit\u00e9(s) !&#8221; &#8212; Ensemble Orchestral Contemporain\" data-secret=\"MpL0skZznY\" frameborder=\"0\" marginwidth=\"0\" marginheight=\"0\" scrolling=\"no\" class=\"wp-embedded-content\"><\/iframe><script type=\"text\/javascript\">\n\/* <![CDATA[ *\/\n\/*! This file is auto-generated *\/\n!function(d,l){\"use strict\";l.querySelector&&d.addEventListener&&\"undefined\"!=typeof URL&&(d.wp=d.wp||{},d.wp.receiveEmbedMessage||(d.wp.receiveEmbedMessage=function(e){var t=e.data;if((t||t.secret||t.message||t.value)&&!\/[^a-zA-Z0-9]\/.test(t.secret)){for(var s,r,n,a=l.querySelectorAll('iframe[data-secret=\"'+t.secret+'\"]'),o=l.querySelectorAll('blockquote[data-secret=\"'+t.secret+'\"]'),c=new RegExp(\"^https?:$\",\"i\"),i=0;i<o.length;i++)o[i].style.display=\"none\";for(i=0;i<a.length;i++)s=a[i],e.source===s.contentWindow&&(s.removeAttribute(\"style\"),\"height\"===t.message?(1e3<(r=parseInt(t.value,10))?r=1e3:~~r<200&&(r=200),s.height=r):\"link\"===t.message&&(r=new URL(s.getAttribute(\"src\")),n=new URL(t.value),c.test(n.protocol))&&n.host===r.host&&l.activeElement===s&&(d.top.location.href=t.value))}},d.addEventListener(\"message\",d.wp.receiveEmbedMessage,!1),l.addEventListener(\"DOMContentLoaded\",function(){for(var e,t,s=l.querySelectorAll(\"iframe.wp-embedded-content\"),r=0;r<s.length;r++)(t=(e=s[r]).getAttribute(\"data-secret\"))||(t=Math.random().toString(36).substring(2,12),e.src+=\"#?secret=\"+t,e.setAttribute(\"data-secret\",t)),e.contentWindow.postMessage({message:\"ready\",secret:t},\"*\")},!1)))}(window,document);\n\/* ]]> *\/\n<\/script>\n","thumbnail_url":"https:\/\/old-eoc.dev-app.net\/wp-content\/uploads\/2020\/07\/12-ROberto-Fores-Veses-Credit-Ludovic-Combe.jpg","thumbnail_width":1920,"thumbnail_height":1080,"description":"Musiciens et r\u00e9pertoires de l\u2019Orchestre national d\u2019Auvergne et de l\u2019Ensemble Orchestral Contemporain se compl\u00e8tent pour transporter les spectateurs dans les richesses musicales du XX\u00e8me si\u00e8cle. Un partenariat \u00e0 suivre sur plusieurs saisons ! Pour ce premier concert partag\u00e9, la composition au XX\u00e8me si\u00e8cle brille de mille reflets sonores in\u00e9dits. De Stravinsky, d\u00e9sarticulant de traditionnelles m\u00e9lodies [&hellip;]"}