{"version":"1.0","provider_name":"Ensemble Orchestral Contemporain","provider_url":"https:\/\/old-eoc.dev-app.net\/en\/","title":"Annul\u00e9 \/\/ Les fabriques \u00e0 musique & Histoires de... - Ensemble Orchestral Contemporain","type":"rich","width":600,"height":338,"html":"<blockquote class=\"wp-embedded-content\" data-secret=\"LDaD1Kt8YO\"><a href=\"https:\/\/old-eoc.dev-app.net\/en\/agenda\/evenement\/les-fabriques-a-musique-histoires-de\/\">Annul\u00e9 \/\/ Les fabriques \u00e0 musique &#038; Histoires de&#8230;<\/a><\/blockquote><iframe sandbox=\"allow-scripts\" security=\"restricted\" src=\"https:\/\/old-eoc.dev-app.net\/en\/agenda\/evenement\/les-fabriques-a-musique-histoires-de\/embed\/#?secret=LDaD1Kt8YO\" width=\"600\" height=\"338\" title=\"&#8220;Annul\u00e9 \/\/ Les fabriques \u00e0 musique &#038; Histoires de&#8230;&#8221; &#8212; Ensemble Orchestral Contemporain\" data-secret=\"LDaD1Kt8YO\" frameborder=\"0\" marginwidth=\"0\" marginheight=\"0\" scrolling=\"no\" class=\"wp-embedded-content\"><\/iframe><script type=\"text\/javascript\">\n\/* <![CDATA[ *\/\n\/*! This file is auto-generated *\/\n!function(d,l){\"use strict\";l.querySelector&&d.addEventListener&&\"undefined\"!=typeof URL&&(d.wp=d.wp||{},d.wp.receiveEmbedMessage||(d.wp.receiveEmbedMessage=function(e){var t=e.data;if((t||t.secret||t.message||t.value)&&!\/[^a-zA-Z0-9]\/.test(t.secret)){for(var s,r,n,a=l.querySelectorAll('iframe[data-secret=\"'+t.secret+'\"]'),o=l.querySelectorAll('blockquote[data-secret=\"'+t.secret+'\"]'),c=new RegExp(\"^https?:$\",\"i\"),i=0;i<o.length;i++)o[i].style.display=\"none\";for(i=0;i<a.length;i++)s=a[i],e.source===s.contentWindow&&(s.removeAttribute(\"style\"),\"height\"===t.message?(1e3<(r=parseInt(t.value,10))?r=1e3:~~r<200&&(r=200),s.height=r):\"link\"===t.message&&(r=new URL(s.getAttribute(\"src\")),n=new URL(t.value),c.test(n.protocol))&&n.host===r.host&&l.activeElement===s&&(d.top.location.href=t.value))}},d.addEventListener(\"message\",d.wp.receiveEmbedMessage,!1),l.addEventListener(\"DOMContentLoaded\",function(){for(var e,t,s=l.querySelectorAll(\"iframe.wp-embedded-content\"),r=0;r<s.length;r++)(t=(e=s[r]).getAttribute(\"data-secret\"))||(t=Math.random().toString(36).substring(2,12),e.src+=\"#?secret=\"+t,e.setAttribute(\"data-secret\",t)),e.contentWindow.postMessage({message:\"ready\",secret:t},\"*\")},!1)))}(window,document);\n\/* ]]> *\/\n<\/script>\n","thumbnail_url":"https:\/\/old-eoc.dev-app.net\/wp-content\/uploads\/2019\/10\/Comptines.jpg","thumbnail_width":1000,"thumbnail_height":741,"description":"Au cours de la m\u00eame journ\u00e9e se retrouvent deux projets d\u2019\u00e9ducation artistique et culturelle port\u00e9s par l\u2019EOC.\u00a0 Avec\u00a0Les fabriques \u00e0 musique, d\u00e9part imm\u00e9diat pour le Japon avec une cr\u00e9ation musicale m\u00ealant plusieurs disciplines telles que la musique, le fran\u00e7ais ou encore la g\u00e9ographie.\u00a0Le chant du silence, \u0153uvre cr\u00e9\u00e9e\u00a0par Fabrice J\u00fcnger et interpr\u00e9t\u00e9e par les \u00e9l\u00e8ves [&hellip;]"}