{"version":"1.0","provider_name":"Ensemble Orchestral Contemporain","provider_url":"https:\/\/old-eoc.dev-app.net\/en\/","title":"Festival des Musiques Sacr\u00e9es - Ensemble Orchestral Contemporain","type":"rich","width":600,"height":338,"html":"<blockquote class=\"wp-embedded-content\" data-secret=\"OIpOSUygkm\"><a href=\"https:\/\/old-eoc.dev-app.net\/en\/agenda\/evenement\/festival-des-musiques-sacrees-2\/\">Festival des Musiques Sacr\u00e9es<\/a><\/blockquote><iframe sandbox=\"allow-scripts\" security=\"restricted\" src=\"https:\/\/old-eoc.dev-app.net\/en\/agenda\/evenement\/festival-des-musiques-sacrees-2\/embed\/#?secret=OIpOSUygkm\" width=\"600\" height=\"338\" title=\"&#8220;Festival des Musiques Sacr\u00e9es&#8221; &#8212; Ensemble Orchestral Contemporain\" data-secret=\"OIpOSUygkm\" frameborder=\"0\" marginwidth=\"0\" marginheight=\"0\" scrolling=\"no\" class=\"wp-embedded-content\"><\/iframe><script type=\"text\/javascript\">\n\/* <![CDATA[ *\/\n\/*! This file is auto-generated *\/\n!function(d,l){\"use strict\";l.querySelector&&d.addEventListener&&\"undefined\"!=typeof URL&&(d.wp=d.wp||{},d.wp.receiveEmbedMessage||(d.wp.receiveEmbedMessage=function(e){var t=e.data;if((t||t.secret||t.message||t.value)&&!\/[^a-zA-Z0-9]\/.test(t.secret)){for(var s,r,n,a=l.querySelectorAll('iframe[data-secret=\"'+t.secret+'\"]'),o=l.querySelectorAll('blockquote[data-secret=\"'+t.secret+'\"]'),c=new RegExp(\"^https?:$\",\"i\"),i=0;i<o.length;i++)o[i].style.display=\"none\";for(i=0;i<a.length;i++)s=a[i],e.source===s.contentWindow&&(s.removeAttribute(\"style\"),\"height\"===t.message?(1e3<(r=parseInt(t.value,10))?r=1e3:~~r<200&&(r=200),s.height=r):\"link\"===t.message&&(r=new URL(s.getAttribute(\"src\")),n=new URL(t.value),c.test(n.protocol))&&n.host===r.host&&l.activeElement===s&&(d.top.location.href=t.value))}},d.addEventListener(\"message\",d.wp.receiveEmbedMessage,!1),l.addEventListener(\"DOMContentLoaded\",function(){for(var e,t,s=l.querySelectorAll(\"iframe.wp-embedded-content\"),r=0;r<s.length;r++)(t=(e=s[r]).getAttribute(\"data-secret\"))||(t=Math.random().toString(36).substring(2,12),e.src+=\"#?secret=\"+t,e.setAttribute(\"data-secret\",t)),e.contentWindow.postMessage({message:\"ready\",secret:t},\"*\")},!1)))}(window,document);\n\/* ]]> *\/\n<\/script>\n","thumbnail_url":"https:\/\/old-eoc.dev-app.net\/wp-content\/uploads\/2023\/09\/visuel-FES-768x321-report.jpg","thumbnail_width":768,"thumbnail_height":321,"description":"Le Festival de F\u00e8s des Musiques Sacr\u00e9es du Monde met \u00e0 l&#8217;honneur pour sa 27\u00e8me \u00e9dition l&#8217;Andalousie notamment pour sa cohabitation pacifique, de l\u2019islam, du juda\u00efsme et du christianisme durant une p\u00e9riode connue comme \u00ab L\u2019 \u00e2ge d\u2019or \u00bb, moment privil\u00e9gi\u00e9 de cet esprit de vivre ensemble, de dialogue et de tol\u00e9rance. Imagin\u00e9 et dirig\u00e9 [&hellip;]"}