{"version":"1.0","provider_name":"Ensemble Orchestral Contemporain","provider_url":"https:\/\/old-eoc.dev-app.net\/en\/","title":"En Mouvements # 7 - Ensemble Orchestral Contemporain","type":"rich","width":600,"height":338,"html":"<blockquote class=\"wp-embedded-content\" data-secret=\"dnmKghZNhY\"><a href=\"https:\/\/old-eoc.dev-app.net\/en\/agenda\/evenement\/en-mouvements-7-2\/\">En Mouvements # 7<\/a><\/blockquote><iframe sandbox=\"allow-scripts\" security=\"restricted\" src=\"https:\/\/old-eoc.dev-app.net\/en\/agenda\/evenement\/en-mouvements-7-2\/embed\/#?secret=dnmKghZNhY\" width=\"600\" height=\"338\" title=\"&#8220;En Mouvements # 7&#8221; &#8212; Ensemble Orchestral Contemporain\" data-secret=\"dnmKghZNhY\" frameborder=\"0\" marginwidth=\"0\" marginheight=\"0\" scrolling=\"no\" class=\"wp-embedded-content\"><\/iframe><script type=\"text\/javascript\">\n\/* <![CDATA[ *\/\n\/*! This file is auto-generated *\/\n!function(d,l){\"use strict\";l.querySelector&&d.addEventListener&&\"undefined\"!=typeof URL&&(d.wp=d.wp||{},d.wp.receiveEmbedMessage||(d.wp.receiveEmbedMessage=function(e){var t=e.data;if((t||t.secret||t.message||t.value)&&!\/[^a-zA-Z0-9]\/.test(t.secret)){for(var s,r,n,a=l.querySelectorAll('iframe[data-secret=\"'+t.secret+'\"]'),o=l.querySelectorAll('blockquote[data-secret=\"'+t.secret+'\"]'),c=new RegExp(\"^https?:$\",\"i\"),i=0;i<o.length;i++)o[i].style.display=\"none\";for(i=0;i<a.length;i++)s=a[i],e.source===s.contentWindow&&(s.removeAttribute(\"style\"),\"height\"===t.message?(1e3<(r=parseInt(t.value,10))?r=1e3:~~r<200&&(r=200),s.height=r):\"link\"===t.message&&(r=new URL(s.getAttribute(\"src\")),n=new URL(t.value),c.test(n.protocol))&&n.host===r.host&&l.activeElement===s&&(d.top.location.href=t.value))}},d.addEventListener(\"message\",d.wp.receiveEmbedMessage,!1),l.addEventListener(\"DOMContentLoaded\",function(){for(var e,t,s=l.querySelectorAll(\"iframe.wp-embedded-content\"),r=0;r<s.length;r++)(t=(e=s[r]).getAttribute(\"data-secret\"))||(t=Math.random().toString(36).substring(2,12),e.src+=\"#?secret=\"+t,e.setAttribute(\"data-secret\",t)),e.contentWindow.postMessage({message:\"ready\",secret:t},\"*\")},!1)))}(window,document);\n\/* ]]> *\/\n<\/script>\n","thumbnail_url":"https:\/\/old-eoc.dev-app.net\/wp-content\/uploads\/2023\/09\/en-mouvement.jpg","thumbnail_width":1772,"thumbnail_height":1153,"description":"G\u00e9rard Cond\u00e9,\u00a0Parenth\u00e8se\u00a0(adaptation 2023) \u2013 dur\u00e9e\u00a0: 7\u2019 Pour hautbois et r\u00e9citant (textes scientifiques sur la p\u00e9riode \u00ab\u00a0du bronze\u00a0\u00bb) Performance musique et danse face \u00e0 une \u0153uvre. Captation pour capsule vid\u00e9o\u00a0\u00ab\u00a0En Mouvements\u00a0\u00bb r\u00e9alis\u00e9e dans la chapelle du Mus\u00e9e d\u2019Arch\u00e9ologie Nationale (chapelle qui est le prototype de la chapelle royale de Saint-Denis). &nbsp; En partenariat avec : &nbsp; [&hellip;]"}