{"version":"1.0","provider_name":"Ensemble Orchestral Contemporain","provider_url":"https:\/\/old-eoc.dev-app.net\/en\/","title":"Annul\u00e9 \/\/ Concert-portrait d'\u00c9dith Canat de Chizy - Ensemble Orchestral Contemporain","type":"rich","width":600,"height":338,"html":"<blockquote class=\"wp-embedded-content\" data-secret=\"govwS3rE9f\"><a href=\"https:\/\/old-eoc.dev-app.net\/en\/agenda\/evenement\/concert-portrait-dedith-canat-de-chizy\/\">Annul\u00e9 \/\/ Concert-portrait d&#8217;\u00c9dith Canat de Chizy<\/a><\/blockquote><iframe sandbox=\"allow-scripts\" security=\"restricted\" src=\"https:\/\/old-eoc.dev-app.net\/en\/agenda\/evenement\/concert-portrait-dedith-canat-de-chizy\/embed\/#?secret=govwS3rE9f\" width=\"600\" height=\"338\" title=\"&#8220;Annul\u00e9 \/\/ Concert-portrait d&#8217;\u00c9dith Canat de Chizy&#8221; &#8212; Ensemble Orchestral Contemporain\" data-secret=\"govwS3rE9f\" frameborder=\"0\" marginwidth=\"0\" marginheight=\"0\" scrolling=\"no\" class=\"wp-embedded-content\"><\/iframe><script type=\"text\/javascript\">\n\/* <![CDATA[ *\/\n\/*! This file is auto-generated *\/\n!function(d,l){\"use strict\";l.querySelector&&d.addEventListener&&\"undefined\"!=typeof URL&&(d.wp=d.wp||{},d.wp.receiveEmbedMessage||(d.wp.receiveEmbedMessage=function(e){var t=e.data;if((t||t.secret||t.message||t.value)&&!\/[^a-zA-Z0-9]\/.test(t.secret)){for(var s,r,n,a=l.querySelectorAll('iframe[data-secret=\"'+t.secret+'\"]'),o=l.querySelectorAll('blockquote[data-secret=\"'+t.secret+'\"]'),c=new RegExp(\"^https?:$\",\"i\"),i=0;i<o.length;i++)o[i].style.display=\"none\";for(i=0;i<a.length;i++)s=a[i],e.source===s.contentWindow&&(s.removeAttribute(\"style\"),\"height\"===t.message?(1e3<(r=parseInt(t.value,10))?r=1e3:~~r<200&&(r=200),s.height=r):\"link\"===t.message&&(r=new URL(s.getAttribute(\"src\")),n=new URL(t.value),c.test(n.protocol))&&n.host===r.host&&l.activeElement===s&&(d.top.location.href=t.value))}},d.addEventListener(\"message\",d.wp.receiveEmbedMessage,!1),l.addEventListener(\"DOMContentLoaded\",function(){for(var e,t,s=l.querySelectorAll(\"iframe.wp-embedded-content\"),r=0;r<s.length;r++)(t=(e=s[r]).getAttribute(\"data-secret\"))||(t=Math.random().toString(36).substring(2,12),e.src+=\"#?secret=\"+t,e.setAttribute(\"data-secret\",t)),e.contentWindow.postMessage({message:\"ready\",secret:t},\"*\")},!1)))}(window,document);\n\/* ]]> *\/\n<\/script>\n","thumbnail_url":"https:\/\/old-eoc.dev-app.net\/wp-content\/uploads\/2020\/03\/CanatDeChizyEdith\u00a9C.Daguet-1280x960.jpg","thumbnail_width":1280,"thumbnail_height":960,"description":"Familiers l\u2019un et l\u2019autre de cette compositrice majeure de notre temps, d\u00e9j\u00e0 jou\u00e9e \u00e0 La Chaise-Dieu en 2016, Nicole Corti et Bruno Mantovani nous emm\u00e8neront avec exigence et sensibilit\u00e9 sur les chemins subtils qu\u2019emprunte l\u2019\u0153uvre musicale d\u2019\u00c9dith Canat de Chizy, \u00e0 travers quelques-unes de ses \u0153uvres instrumentales et vocales, pleines de po\u00e9sie et de spiritualit\u00e9."}