{"version":"1.0","provider_name":"Ensemble Orchestral Contemporain","provider_url":"https:\/\/old-eoc.dev-app.net\/en\/","title":"Concert M\u00e9ridienne - Ensemble Orchestral Contemporain","type":"rich","width":600,"height":338,"html":"<blockquote class=\"wp-embedded-content\" data-secret=\"U6otfjUj2l\"><a href=\"https:\/\/old-eoc.dev-app.net\/en\/agenda\/evenement\/concert-meridienne\/\">Concert M\u00e9ridienne<\/a><\/blockquote><iframe sandbox=\"allow-scripts\" security=\"restricted\" src=\"https:\/\/old-eoc.dev-app.net\/en\/agenda\/evenement\/concert-meridienne\/embed\/#?secret=U6otfjUj2l\" width=\"600\" height=\"338\" title=\"&#8220;Concert M\u00e9ridienne&#8221; &#8212; Ensemble Orchestral Contemporain\" data-secret=\"U6otfjUj2l\" frameborder=\"0\" marginwidth=\"0\" marginheight=\"0\" scrolling=\"no\" class=\"wp-embedded-content\"><\/iframe><script type=\"text\/javascript\">\n\/* <![CDATA[ *\/\n\/*! This file is auto-generated *\/\n!function(d,l){\"use strict\";l.querySelector&&d.addEventListener&&\"undefined\"!=typeof URL&&(d.wp=d.wp||{},d.wp.receiveEmbedMessage||(d.wp.receiveEmbedMessage=function(e){var t=e.data;if((t||t.secret||t.message||t.value)&&!\/[^a-zA-Z0-9]\/.test(t.secret)){for(var s,r,n,a=l.querySelectorAll('iframe[data-secret=\"'+t.secret+'\"]'),o=l.querySelectorAll('blockquote[data-secret=\"'+t.secret+'\"]'),c=new RegExp(\"^https?:$\",\"i\"),i=0;i<o.length;i++)o[i].style.display=\"none\";for(i=0;i<a.length;i++)s=a[i],e.source===s.contentWindow&&(s.removeAttribute(\"style\"),\"height\"===t.message?(1e3<(r=parseInt(t.value,10))?r=1e3:~~r<200&&(r=200),s.height=r):\"link\"===t.message&&(r=new URL(s.getAttribute(\"src\")),n=new URL(t.value),c.test(n.protocol))&&n.host===r.host&&l.activeElement===s&&(d.top.location.href=t.value))}},d.addEventListener(\"message\",d.wp.receiveEmbedMessage,!1),l.addEventListener(\"DOMContentLoaded\",function(){for(var e,t,s=l.querySelectorAll(\"iframe.wp-embedded-content\"),r=0;r<s.length;r++)(t=(e=s[r]).getAttribute(\"data-secret\"))||(t=Math.random().toString(36).substring(2,12),e.src+=\"#?secret=\"+t,e.setAttribute(\"data-secret\",t)),e.contentWindow.postMessage({message:\"ready\",secret:t},\"*\")},!1)))}(window,document);\n\/* ]]> *\/\n<\/script>\n","thumbnail_url":"https:\/\/old-eoc.dev-app.net\/wp-content\/uploads\/2024\/02\/planetarium2.jpg","thumbnail_width":1600,"thumbnail_height":1194,"description":"La vo\u00fbte du Plan\u00e9tarium accueille les \u00e9l\u00e8ves fl\u00fbtistes du Conservatoire Massenet et de quelques \u00e9l\u00e8ves du Conservatoires de la Loire lors d\u2019un concert d\u2019une heure d\u00e9di\u00e9 au th\u00e8me de la nuit. Parmi les \u0153uvres interpr\u00e9t\u00e9es, les musicien.ne.s feront entendre Vol de nuit, une pi\u00e8ce de Fabrice J\u00fcnger, fl\u00fbtiste et compositeur au sein de l\u2019Ensemble Orchestral [&hellip;]"}