{"version":"1.0","provider_name":"Ensemble Orchestral Contemporain","provider_url":"https:\/\/old-eoc.dev-app.net\/en\/","title":"Concert ap\u00e9ritif \/ Bastien David - Ensemble Orchestral Contemporain","type":"rich","width":600,"height":338,"html":"<blockquote class=\"wp-embedded-content\" data-secret=\"lr7aVO15uV\"><a href=\"https:\/\/old-eoc.dev-app.net\/en\/agenda\/evenement\/concert-aperitif-bastien-david\/\">Concert ap\u00e9ritif  \/ Bastien David<\/a><\/blockquote><iframe sandbox=\"allow-scripts\" security=\"restricted\" src=\"https:\/\/old-eoc.dev-app.net\/en\/agenda\/evenement\/concert-aperitif-bastien-david\/embed\/#?secret=lr7aVO15uV\" width=\"600\" height=\"338\" title=\"&#8220;Concert ap\u00e9ritif  \/ Bastien David&#8221; &#8212; Ensemble Orchestral Contemporain\" data-secret=\"lr7aVO15uV\" frameborder=\"0\" marginwidth=\"0\" marginheight=\"0\" scrolling=\"no\" class=\"wp-embedded-content\"><\/iframe><script type=\"text\/javascript\">\n\/* <![CDATA[ *\/\n\/*! This file is auto-generated *\/\n!function(d,l){\"use strict\";l.querySelector&&d.addEventListener&&\"undefined\"!=typeof URL&&(d.wp=d.wp||{},d.wp.receiveEmbedMessage||(d.wp.receiveEmbedMessage=function(e){var t=e.data;if((t||t.secret||t.message||t.value)&&!\/[^a-zA-Z0-9]\/.test(t.secret)){for(var s,r,n,a=l.querySelectorAll('iframe[data-secret=\"'+t.secret+'\"]'),o=l.querySelectorAll('blockquote[data-secret=\"'+t.secret+'\"]'),c=new RegExp(\"^https?:$\",\"i\"),i=0;i<o.length;i++)o[i].style.display=\"none\";for(i=0;i<a.length;i++)s=a[i],e.source===s.contentWindow&&(s.removeAttribute(\"style\"),\"height\"===t.message?(1e3<(r=parseInt(t.value,10))?r=1e3:~~r<200&&(r=200),s.height=r):\"link\"===t.message&&(r=new URL(s.getAttribute(\"src\")),n=new URL(t.value),c.test(n.protocol))&&n.host===r.host&&l.activeElement===s&&(d.top.location.href=t.value))}},d.addEventListener(\"message\",d.wp.receiveEmbedMessage,!1),l.addEventListener(\"DOMContentLoaded\",function(){for(var e,t,s=l.querySelectorAll(\"iframe.wp-embedded-content\"),r=0;r<s.length;r++)(t=(e=s[r]).getAttribute(\"data-secret\"))||(t=Math.random().toString(36).substring(2,12),e.src+=\"#?secret=\"+t,e.setAttribute(\"data-secret\",t)),e.contentWindow.postMessage({message:\"ready\",secret:t},\"*\")},!1)))}(window,document);\n\/* ]]> *\/\n<\/script>\n","thumbnail_url":"https:\/\/old-eoc.dev-app.net\/wp-content\/uploads\/2023\/09\/visuel-fevis.jpg","thumbnail_width":1440,"thumbnail_height":1631,"description":"&nbsp; Bastien David,\u00a0Vendre le ciel aux T\u00e9n\u00e8bres (2020) \u2013 dur\u00e9e\u00a0: 16\u2019 Ensemble(s) en Musique Une heure avec&#8230; L\u2019Ensemble Orchestral Contemporain Autour du concert\u00a0: mardi 3 octobre 2023, 14h30, Plateau de saison de la Fevis AuRA, organis\u00e9 en partenariat avec l\u2019Op\u00e9ra Underground (Amphi Op\u00e9ra de Lyon). &gt; Pr\u00e9sentation de l\u2019op\u00e9ra L\u2019\u00e9toffe in\u00e9puisable des r\u00eaves de Sophie [&hellip;]"}