{"version":"1.0","provider_name":"Ensemble Orchestral Contemporain","provider_url":"https:\/\/old-eoc.dev-app.net\/en\/","title":"Concert de l'Acad\u00e9mie musicale d'\u00e9t\u00e9 - Ensemble Orchestral Contemporain","type":"rich","width":600,"height":338,"html":"<blockquote class=\"wp-embedded-content\" data-secret=\"OHZheM0sjk\"><a href=\"https:\/\/old-eoc.dev-app.net\/en\/agenda\/evenement\/academie-musicale-dete\/\">Concert de l&#8217;Acad\u00e9mie musicale d&#8217;\u00e9t\u00e9<\/a><\/blockquote><iframe sandbox=\"allow-scripts\" security=\"restricted\" src=\"https:\/\/old-eoc.dev-app.net\/en\/agenda\/evenement\/academie-musicale-dete\/embed\/#?secret=OHZheM0sjk\" width=\"600\" height=\"338\" title=\"&#8220;Concert de l&#8217;Acad\u00e9mie musicale d&#8217;\u00e9t\u00e9&#8221; &#8212; Ensemble Orchestral Contemporain\" data-secret=\"OHZheM0sjk\" frameborder=\"0\" marginwidth=\"0\" marginheight=\"0\" scrolling=\"no\" class=\"wp-embedded-content\"><\/iframe><script type=\"text\/javascript\">\n\/* <![CDATA[ *\/\n\/*! This file is auto-generated *\/\n!function(d,l){\"use strict\";l.querySelector&&d.addEventListener&&\"undefined\"!=typeof URL&&(d.wp=d.wp||{},d.wp.receiveEmbedMessage||(d.wp.receiveEmbedMessage=function(e){var t=e.data;if((t||t.secret||t.message||t.value)&&!\/[^a-zA-Z0-9]\/.test(t.secret)){for(var s,r,n,a=l.querySelectorAll('iframe[data-secret=\"'+t.secret+'\"]'),o=l.querySelectorAll('blockquote[data-secret=\"'+t.secret+'\"]'),c=new RegExp(\"^https?:$\",\"i\"),i=0;i<o.length;i++)o[i].style.display=\"none\";for(i=0;i<a.length;i++)s=a[i],e.source===s.contentWindow&&(s.removeAttribute(\"style\"),\"height\"===t.message?(1e3<(r=parseInt(t.value,10))?r=1e3:~~r<200&&(r=200),s.height=r):\"link\"===t.message&&(r=new URL(s.getAttribute(\"src\")),n=new URL(t.value),c.test(n.protocol))&&n.host===r.host&&l.activeElement===s&&(d.top.location.href=t.value))}},d.addEventListener(\"message\",d.wp.receiveEmbedMessage,!1),l.addEventListener(\"DOMContentLoaded\",function(){for(var e,t,s=l.querySelectorAll(\"iframe.wp-embedded-content\"),r=0;r<s.length;r++)(t=(e=s[r]).getAttribute(\"data-secret\"))||(t=Math.random().toString(36).substring(2,12),e.src+=\"#?secret=\"+t,e.setAttribute(\"data-secret\",t)),e.contentWindow.postMessage({message:\"ready\",secret:t},\"*\")},!1)))}(window,document);\n\/* ]]> *\/\n<\/script>\n","thumbnail_url":"https:\/\/old-eoc.dev-app.net\/wp-content\/uploads\/2025\/01\/Design-sans-titre.png","thumbnail_width":612,"thumbnail_height":598,"description":"Pour cl\u00f4turer la premi\u00e8re \u00e9dition de L\u2019Acad\u00e9mie musicale d&#8217;\u00e9t\u00e9 de l&#8217;EOC, les 50 participantes et participants pr\u00e9senteront leur cr\u00e9ation collective sur la sc\u00e8ne de l&#8217;Auditorium de la Cit\u00e9 du design \u00e0 Saint-\u00c9tienne. Un moment unique de musique et de partage, avec la pr\u00e9sence des 4 artistes de l&#8217;EOC au plateau.\u00a0 Projet soutenu par la m\u00e9tropole [&hellip;]"}